{"id":1413,"date":"2021-04-28T12:24:54","date_gmt":"2021-04-28T12:24:54","guid":{"rendered":"https:\/\/www.camping-maureillas.com\/?page_id=1413"},"modified":"2024-08-14T10:18:30","modified_gmt":"2024-08-14T10:18:30","slug":"espana","status":"publish","type":"page","link":"https:\/\/www.camping-maureillas.com\/es\/espana\/","title":{"rendered":"Espa\u00f1a"},"content":{"rendered":"<div class=\"wpb-content-wrapper\"><p>[vc_row full_width=\u00bbstretch_row_content_no_spaces\u00bb][vc_column][layerslider_vc id=\u00bb33&#8243;][\/vc_column][\/vc_row][vc_row row_type=\u00bbsection\u00bb type=\u00bbfull_width\u00bb css=\u00bb.vc_custom_1490179907190{padding-top: 2px !important;padding-right: 2px !important;padding-bottom: 2px !important;padding-left: 2px !important;background-color: #ffffff !important;}\u00bb el_class=\u00bbombre\u00bb][vc_column][vc_column_text]<\/p>\n<h1 style=\"color: #16a200; text-align: center;\"><strong>\u00a1DESCUBRE ESPA\u00d1A!<\/strong><\/h1>\n<h2 style=\"text-align: center;\"><span style=\"color: #000000;\">Para los exploradores en ciernes que quieran descubrir el pa\u00eds vecino,<\/span><br \/>\n<span style=\"color: #000000;\">el Camping Maureillas** es perfecto para tu estancia debido a su proximidad con la frontera.<\/span><br \/>\n<span style=\"color: #000000;\">\u00a1Estamos a tan solo 8 km de Espa\u00f1a!<\/span><\/h2>\n<p>[\/vc_column_text][vc_row_inner][vc_column_inner width=\u00bb2\/3&#8243;][vc_column_text css=\u00bb.vc_custom_1722590424206{padding-top: 50px !important;padding-right: 10px !important;padding-bottom: 10px !important;padding-left: 10px !important;}\u00bb]<\/p>\n<p style=\"text-align: left;\"><span style=\"color: #000000;\"><b>Paso obligatorio para turistas y locales: haz una peque\u00f1a visita a Espa\u00f1a y aprovecha para hacer unas compras. <\/b><b>Descubre la cultura local y la gastronom\u00eda espa\u00f1ola a tan solo 8 kil\u00f3metros del Camping Maureillas**. La costa espa\u00f1ola ofrece paisajes incomparables, ideales para cambiar de aires.<\/b><\/span><\/p>\n<p style=\"text-align: left;\"><span style=\"color: #000000;\">Despu\u00e9s de la sesi\u00f3n de compras puedes aprovechar para visitar el fuerte de Bellegarde.<\/span><br \/>\n<span style=\"color: #000000;\">Construido por Vauban en el siglo xvii, este fuerte es una obra maestra de la arquitectura militar. Su misi\u00f3n era vigilar los dos puntos de entrada m\u00e1s f\u00e1ciles hacia Francia, el collado de Le Perthus y el collado de Panissars. Desde su terraza disfrutar\u00e1s de una vista \u00fanica sobre la llanura del Rosell\u00f3n y sobre el Ampurd\u00e1n. Situado justo entre Francia y Espa\u00f1a, el fuerte domina las dos Catalu\u00f1as, y sirve como punto de enlace.<\/span><\/p>\n<p>[\/vc_column_text][\/vc_column_inner][vc_column_inner width=\u00bb1\/3&#8243;][vc_single_image image=\u00bb1417&#8243; img_size=\u00bbfull\u00bb][\/vc_column_inner][\/vc_row_inner][vc_row_inner][\/vc_row_inner][vc_column_inner][\/vc_column_inner][vc_empty_space][vc_column_text]<\/p>\n<h2 style=\"text-align: center;\"><span style=\"color: #003300;\">Top 5 de ciudades espa\u00f1olas cerca del camping<\/span><\/h2>\n<p>[\/vc_column_text][vc_row_inner][vc_column_inner width=\u00bb2\/3&#8243;][vc_column_text]<\/p>\n<h2>Figueras, a 33km<\/h2>\n<p><span style=\"color: #000000;\">Figueras es la segunda ciudad m\u00e1s importante del nordeste del pa\u00eds. Est\u00e1 considerada como una de las ciudades de estilo medieval y g\u00f3tico mejor conservadas de Europa, con una gran cantidad de monumentos hist\u00f3ricos que merecen una buena visita: museos, monumentos, iglesias, etc.<\/span><br \/>\n<span style=\"color: #000000;\">Esta ciudad situada cerca del litoral franc\u00e9s, recibe a muchos visitantes que la escogen para pasar el d\u00eda.<\/span><\/p>\n<p><span style=\"color: #000000;\">La principal atracci\u00f3n de la ciudad es un museo de prestigio mundial: el Museo Dal\u00ed se encuentra en el centro de Figueras, ciudad de nacimiento del artista. A modo de homenaje, la ciudad cre\u00f3 el Museo Dal\u00ed, con m\u00e1s de 400 obras del artista.<\/span>[\/vc_column_text][\/vc_column_inner][vc_column_inner width=\u00bb1\/3&#8243;][vc_single_image image=\u00bb1423&#8243; img_size=\u00bblarge\u00bb alignment=\u00bbcenter\u00bb css=\u00bb.vc_custom_1662558166254{padding-top: 10px !important;}\u00bb][\/vc_column_inner][\/vc_row_inner][vc_row_inner][vc_column_inner width=\u00bb1\/4&#8243;][vc_single_image source=\u00bbexternal_link\u00bb external_img_size=\u00bbfull\u00bb alignment=\u00bbcenter\u00bb custom_src=\u00bbhttps:\/\/www.camping-maureillas.com\/wp-content\/uploads\/2021\/04\/roses-espagne.png\u00bb caption=\u00bbRoas en Espana\u00bb][\/vc_column_inner][vc_column_inner width=\u00bb3\/4&#8243;][vc_column_text]<\/p>\n<h2>Roses, a 55km<\/h2>\n<p><span style=\"color: #000000;\">Rosas es una bonita ciudad espa\u00f1ola situada en la costa Brava cargada de historia. Es un destino perfecto para pasar un fin de semana.<\/span><br \/>\n<span style=\"color: #000000;\">Rosas cuenta con numerosas playas cerca de la ciudad, perfectas para refrescarse del calor imperante en verano. Su proximidad con Barcelona convierte a Rosas en una ciudad para explorar durante unos d\u00edas antes de dirigirse a la capital.<\/span><br \/>\n<span style=\"color: #000000;\">Podr\u00e1s visitar museos, galer\u00edas de arte, yacimientos arqueol\u00f3gicos, pasear hasta el faro o simplemente perderte por sus calles y comer en sus restaurantes y cafeter\u00edas.<\/span>[\/vc_column_text][\/vc_column_inner][\/vc_row_inner][vc_row_inner][vc_column_inner width=\u00bb2\/3&#8243;][vc_column_text]<\/p>\n<h2>Cadaqu\u00e9s, a 65km<\/h2>\n<p><span style=\"color: #000000;\">Cadaqu\u00e9s est une ville situ\u00e9e sur la Costa Brava. Est\u00e1 considerado como uno de los pueblos costeros m\u00e1s pintorescos de Europa.<\/span><\/p>\n<p><span style=\"color: #000000;\">Es un lugar cautivador, ideal para disfrutar de un entorno inusual.<\/span><br \/>\n<span style=\"color: #000000;\">Lo que hace a\u00f1os fue un peque\u00f1o pueblo de pescadores se ha convertido en un destino tur\u00edstico muy popular.<\/span><\/p>\n<p><span style=\"color: #000000;\">Cadaqu\u00e9s es un encantador pueblo medieval, con calles de colores pastel tranquilas y relajadas. Aprovecha para descubrir una forma de vida del pasado en un ambiente soleado y admira las magn\u00edficas vistas que cada a\u00f1o atraen a sus visitantes.<\/span>[\/vc_column_text][\/vc_column_inner][vc_column_inner width=\u00bb1\/3&#8243;][vc_single_image source=\u00bbexternal_link\u00bb alignment=\u00bbcenter\u00bb css=\u00bb.vc_custom_1662558327349{padding-top: 20px !important;}\u00bb custom_src=\u00bbhttps:\/\/www.camping-maureillas.com\/wp-content\/uploads\/2021\/04\/Cadaques-espagne.jpg\u00bb][\/vc_column_inner][\/vc_row_inner][vc_row_inner][vc_column_inner width=\u00bb1\/4&#8243;][vc_single_image source=\u00bbexternal_link\u00bb alignment=\u00bbcenter\u00bb css=\u00bb.vc_custom_1662558319082{padding-top: 30px !important;}\u00bb custom_src=\u00bbhttps:\/\/www.camping-maureillas.com\/wp-content\/uploads\/2021\/04\/gerone-espagne.jpg\u00bb][\/vc_column_inner][vc_column_inner width=\u00bb3\/4&#8243;][vc_column_text]<\/p>\n<h2>G\u00e9rone, a 80km<\/h2>\n<p><span style=\"color: #000000;\">Gerona es conocida por los viajeros por su cultura floreciente y \u00fanica.<\/span><br \/>\n<span style=\"color: #000000;\">Su principal atractivo es su encanto de ciudad medieval. Podr\u00e1s pasear por sus calles estrechas y sinuosas, y contemplar sus iglesias antiguas.<\/span><\/p>\n<p><span style=\"color: #000000;\">La ciudad tiene una larga historia, que podr\u00e1s descubrir observando los muros que siguen en pie. Gerona parece haber encontrado un buen equilibrio entre historia y modernidad. La ciudad tiene una amplia oferta de locales para comer y tomar algo, lugares tradicionales y lugares de moda que reflejan el esp\u00edritu de la ciudad: hist\u00f3rica y moderna al mismo tiempo. Saborea sus deliciosos platos y sus tapas tradicionales.<\/span>[\/vc_column_text][\/vc_column_inner][\/vc_row_inner][vc_row_inner][vc_column_inner width=\u00bb2\/3&#8243;][vc_column_text]<\/p>\n<h2>Barcelone, a 178km<\/h2>\n<p><span style=\"color: #000000;\">Barcelona, ciudad hist\u00f3rica y din\u00e1mica. Imposible aburrirse en esta maravillosa ciudad a solo dos horas de carretera del camping, perfecta para ir a pasar el d\u00eda.<\/span><\/p>\n<p><span style=\"color: #000000;\">Barcelona ofrece a sus visitantes una multitud de museos, jardines, monumentos hist\u00f3ricos y, por supuesto, las famosas casas de estilo modernista del gran Antoni Gaud\u00ed. Visitas cl\u00e1sicas o at\u00edpicas, hay de todo y para todos los gustos.<\/span><\/p>\n<p><span style=\"color: #000000;\">No puedes irte de Barcelona sin visitar la magn\u00edfica Sagrada Familia, s\u00edmbolo identitario de la ciudad y de su patrimonio cultural, del prestigioso arquitecto Gaud\u00ed. Las obras llevan en marcha desde 1882 y el final de su construcci\u00f3n est\u00e1 previsto para 2026, para la conmemoraci\u00f3n del centenario de la muerte del artista. Aunque sigue en construcci\u00f3n, se puede acceder a la bas\u00edlica con visitas guiadas para admirar su interior y comprobar que es tan impresionante por dentro como por fuera. Te encantar\u00e1 la visita y las vistas de Barcelona desde el templo.<\/span>[\/vc_column_text][\/vc_column_inner][vc_column_inner width=\u00bb1\/3&#8243;][vc_single_image source=\u00bbexternal_link\u00bb alignment=\u00bbcenter\u00bb custom_src=\u00bbhttps:\/\/www.camping-maureillas.com\/wp-content\/uploads\/2021\/04\/barcelone.jpg\u00bb][\/vc_column_inner][\/vc_row_inner][vc_separator][vc_column_text]<\/p>\n<h2 style=\"text-align: center;\"><span style=\"color: #003300;\">Su camping Maureillas** a 10 km de la frontera espa\u00f1ola<\/span><\/h2>\n<p style=\"text-align: center;\"><span style=\"color: #000000;\">Aproveche nuestra <strong>proximidad a la frontera espa\u00f1ola<\/strong> (s\u00f3lo 10 km) y a Le <strong>Perthus<\/strong> para hacer una parada en el <strong>Camping Maureillas**<\/strong>.<\/span><br \/>\n<span style=\"color: #000000;\">Descubra nuestros alojamientos en confortables<a href=\"https:\/\/www.camping-maureillas.com\/es\/mobil-homes\/\"><strong> mobil-homes climatizados de 2 o 3 habitaciones<\/strong><\/a>, y <a href=\"https:\/\/www.camping-maureillas.com\/es\/parcelas\/\"><strong>parcelas<\/strong> <\/a>con o sin electricidad para caravanas, tiendas y autocaravanas.<\/span><br \/>\n<span style=\"color: #000000;\">La situaci\u00f3n privilegiada del camping le permitir\u00e1 disfrutar de un d\u00eda en la <strong>monta\u00f1a<\/strong> seguido de una velada junto al <strong>mar<\/strong>. <\/span><\/p>\n<p>[\/vc_column_text][vc_row_inner][vc_column_inner width=\u00bb1\/2&#8243;][vc_hoverbox image=\u00bb443&#8243; primary_title=\u00bbEn el camping\u00bb primary_title_font_container=\u00bbfont_size:40|color:%23ffffff\u00bb hover_title=\u00bbNuestros servicios in situ\u00bb use_custom_fonts_primary_title=\u00bbtrue\u00bb]<\/p>\n<p style=\"text-align: center;\"><em><span style=\"color: #000000;\"><strong>&#8211; Camping abierto todo el a\u00f1o &#8211;<\/strong><\/span><\/em><\/p>\n<ul>\n<li style=\"text-align: left;\"><span style=\"color: #000000;\">Instalaciones <strong>sanitarias <\/strong>recientes, con calefacci\u00f3n en temporada baja<\/span><\/li>\n<li style=\"text-align: left;\"><span style=\"color: #000000;\"><strong>Lavander\u00eda <\/strong>7\/7 lavadora y secadora<\/span><\/li>\n<li style=\"text-align: left;\"><span style=\"color: #000000;\">Acceso <strong>WIFI <\/strong>gratuito en la recepci\u00f3n<\/span><\/li>\n<li style=\"text-align: left;\"><span style=\"color: #000000;\"><strong>M\u00f3dulos para bicicletas<\/strong> con c\u00f3digo de seguridad<\/span><\/li>\n<li style=\"text-align: left;\"><span style=\"color: #000000;\">Puntos de <strong>agua y electricidad<\/strong><\/span><\/li>\n<\/ul>\n<p>[\/vc_hoverbox][\/vc_column_inner][vc_column_inner width=\u00bb1\/2&#8243;][vc_hoverbox image=\u00bb138&#8243; primary_title=\u00bbServicios cercanos\u00bb primary_title_font_container=\u00bbfont_size:40|color:%23ffffff\u00bb hover_title=\u00bbServicios a poca distancia a pie\u00bb use_custom_fonts_primary_title=\u00bbtrue\u00bb]<\/p>\n<ul>\n<li style=\"text-align: left;\"><span style=\"color: #000000;\"><strong>Restaurantes <\/strong>y cafeter\u00edas a 300 m<\/span><\/li>\n<li style=\"text-align: left;\"><span style=\"color: #000000;\"><strong>Panader\u00eda <\/strong><\/span><span style=\"color: #000000;\">a 400 m<\/span><\/li>\n<li style=\"text-align: left;\"><span style=\"color: #000000;\"><strong>Supermercado <\/strong>del pueblo a 600 m<\/span><\/li>\n<li style=\"text-align: left;\"><span style=\"color: #000000;\"><strong>Parque<\/strong>, <strong>pista deportiva<\/strong> y pista de <strong>tenis <\/strong>a 600 m<\/span><\/li>\n<li style=\"text-align: left;\"><span style=\"color: #000000;\"><strong>Centro ecuestre<\/strong> a 800 m<\/span><\/li>\n<li style=\"text-align: left;\"><span style=\"color: #000000;\">Nataci\u00f3n y <strong>actividades acu\u00e1ticas<\/strong> en el lago de Saint Jean Pla de Corts a 9 km<\/span><\/li>\n<li style=\"text-align: left;\"><span style=\"color: #000000;\"><strong>Bus <\/strong>a 1 \u20ac para visitar la regi\u00f3n<\/span><\/li>\n<\/ul>\n<p>[\/vc_hoverbox][\/vc_column_inner][vc_column_inner][vc_empty_space height=\u00bb25px\u00bb][vc_separator color=\u00bbgreen\u00bb][vc_column_text]<\/p>\n<h2 style=\"text-align: center;\"><a href=\"https:\/\/www.camping-maureillas.com\/contactez-nous\/\"><span style=\"color: #003300;\">Un equipo a su disposici\u00f3n<\/span><\/a><\/h2>\n<p style=\"text-align: center;\"><span style=\"color: #000000;\">Para m\u00e1s <strong>informaci\u00f3n <\/strong>o para hacer una <strong>reserva<\/strong>, p\u00f3ngase en contacto con nosotros<\/span><span style=\"color: #000000;\"> en<br \/>\nel<\/span> <a href=\"tel:+33448070636\"><strong>+33 4.48.07.06.36 <\/strong><\/a><span style=\"color: #000000;\">o por <strong>correo electr\u00f3nico<\/strong><\/span><strong><a href=\"mailto:info@camping-maureillas.com\"> info@camping-maureillas.com<\/a><\/strong><br \/>\n<span style=\"color: #000000;\">Mant\u00e9ngase al d\u00eda de las noticias del camping en<\/span> <span style=\"color: #0000ff;\"><a style=\"color: #0000ff;\" href=\"https:\/\/www.facebook.com\/maureillas.cmp\" target=\"_blank\" rel=\"noopener\">Facebook<\/a><\/span><strong><br \/>\n<\/strong><\/p>\n<p>[\/vc_column_text][vc_empty_space height=\u00bb25px\u00bb][\/vc_column_inner][\/vc_row_inner][\/vc_column][\/vc_row]<\/p>\n<\/div>","protected":false},"excerpt":{"rendered":"<p>[vc_row full_width=\u00bbstretch_row_content_no_spaces\u00bb][vc_column][layerslider_vc id=\u00bb33&#8243;][\/vc_column][\/vc_row][vc_row row_type=\u00bbsection\u00bb type=\u00bbfull_width\u00bb css=\u00bb.vc_custom_1490179907190{padding-top: 2px !important;padding-right: 2px !important;padding-bottom: 2px !important;padding-left: 2px !important;background-color: #ffffff !important;}\u00bb el_class=\u00bbombre\u00bb][vc_column][vc_column_text] \u00a1DESCUBRE ESPA\u00d1A! Para los exploradores en ciernes que quieran descubrir el pa\u00eds vecino, el Camping Maureillas** es perfecto para tu estancia debido a su proximidad con la frontera. \u00a1Estamos a tan solo 8 km de Espa\u00f1a! [\/vc_column_text][vc_row_inner][vc_column_inner width=\u00bb2\/3&#8243;][vc_column_text [&hellip;]<\/p>\n","protected":false},"author":1,"featured_media":0,"parent":0,"menu_order":0,"comment_status":"closed","ping_status":"closed","template":"","meta":{"site-sidebar-layout":"no-sidebar","site-content-layout":"plain-container","ast-site-content-layout":"","site-content-style":"default","site-sidebar-style":"default","ast-global-header-display":"","ast-banner-title-visibility":"","ast-main-header-display":"","ast-hfb-above-header-display":"","ast-hfb-below-header-display":"","ast-hfb-mobile-header-display":"","site-post-title":"disabled","ast-breadcrumbs-content":"","ast-featured-img":"disabled","footer-sml-layout":"","theme-transparent-header-meta":"default","adv-header-id-meta":"","stick-header-meta":"default","header-above-stick-meta":"","header-main-stick-meta":"","header-below-stick-meta":"","astra-migrate-meta-layouts":"default","ast-page-background-enabled":"default","ast-page-background-meta":{"desktop":{"background-color":"var(--ast-global-color-4)","background-image":"","background-repeat":"repeat","background-position":"center center","background-size":"auto","background-attachment":"scroll","background-type":"","background-media":"","overlay-type":"","overlay-color":"","overlay-opacity":"","overlay-gradient":""},"tablet":{"background-color":"","background-image":"","background-repeat":"repeat","background-position":"center center","background-size":"auto","background-attachment":"scroll","background-type":"","background-media":"","overlay-type":"","overlay-color":"","overlay-opacity":"","overlay-gradient":""},"mobile":{"background-color":"","background-image":"","background-repeat":"repeat","background-position":"center center","background-size":"auto","background-attachment":"scroll","background-type":"","background-media":"","overlay-type":"","overlay-color":"","overlay-opacity":"","overlay-gradient":""}},"ast-content-background-meta":{"desktop":{"background-color":"var(--ast-global-color-5)","background-image":"","background-repeat":"repeat","background-position":"center center","background-size":"auto","background-attachment":"scroll","background-type":"","background-media":"","overlay-type":"","overlay-color":"","overlay-opacity":"","overlay-gradient":""},"tablet":{"background-color":"var(--ast-global-color-5)","background-image":"","background-repeat":"repeat","background-position":"center center","background-size":"auto","background-attachment":"scroll","background-type":"","background-media":"","overlay-type":"","overlay-color":"","overlay-opacity":"","overlay-gradient":""},"mobile":{"background-color":"var(--ast-global-color-5)","background-image":"","background-repeat":"repeat","background-position":"center center","background-size":"auto","background-attachment":"scroll","background-type":"","background-media":"","overlay-type":"","overlay-color":"","overlay-opacity":"","overlay-gradient":""}},"footnotes":""},"class_list":["post-1413","page","type-page","status-publish","hentry"],"yoast_head":"<!-- This site is optimized with the Yoast SEO plugin v27.5 - https:\/\/yoast.com\/product\/yoast-seo-wordpress\/ -->\n<title>Su camping cerca de Espa\u00f1a - Mobil homes &amp; Parcelas<\/title>\n<meta name=\"description\" content=\"Camping cerca de Espa\u00f1a (8km) - Mobil homes 2\/3 habitaciones con aire acondicionado - Parcelas con\/sin electricidad.\" \/>\n<meta name=\"robots\" content=\"index, follow, max-snippet:-1, max-image-preview:large, max-video-preview:-1\" \/>\n<link rel=\"canonical\" href=\"https:\/\/www.camping-maureillas.com\/es\/espana\/\" \/>\n<meta property=\"og:locale\" content=\"es_ES\" \/>\n<meta property=\"og:type\" content=\"article\" \/>\n<meta property=\"og:title\" content=\"Su camping cerca de Espa\u00f1a - Mobil homes &amp; Parcelas\" \/>\n<meta property=\"og:description\" content=\"Camping cerca de Espa\u00f1a (8km) - Mobil homes 2\/3 habitaciones con aire acondicionado - Parcelas con\/sin electricidad.\" \/>\n<meta property=\"og:url\" content=\"https:\/\/www.camping-maureillas.com\/es\/espana\/\" \/>\n<meta property=\"og:site_name\" content=\"Camping Maureillas\" \/>\n<meta property=\"article:modified_time\" content=\"2024-08-14T10:18:30+00:00\" \/>\n<meta name=\"twitter:card\" content=\"summary_large_image\" \/>\n<meta name=\"twitter:label1\" content=\"Tiempo de lectura\" \/>\n\t<meta name=\"twitter:data1\" content=\"7 minutos\" \/>\n<script type=\"application\/ld+json\" class=\"yoast-schema-graph\">{\"@context\":\"https:\\\/\\\/schema.org\",\"@graph\":[{\"@type\":\"WebPage\",\"@id\":\"https:\\\/\\\/www.camping-maureillas.com\\\/es\\\/espana\\\/\",\"url\":\"https:\\\/\\\/www.camping-maureillas.com\\\/es\\\/espana\\\/\",\"name\":\"Su camping cerca de Espa\u00f1a - Mobil homes & Parcelas\",\"isPartOf\":{\"@id\":\"https:\\\/\\\/www.camping-maureillas.com\\\/es\\\/#website\"},\"datePublished\":\"2021-04-28T12:24:54+00:00\",\"dateModified\":\"2024-08-14T10:18:30+00:00\",\"description\":\"Camping cerca de Espa\u00f1a (8km) - Mobil homes 2\\\/3 habitaciones con aire acondicionado - Parcelas con\\\/sin electricidad.\",\"breadcrumb\":{\"@id\":\"https:\\\/\\\/www.camping-maureillas.com\\\/es\\\/espana\\\/#breadcrumb\"},\"inLanguage\":\"es\",\"potentialAction\":[{\"@type\":\"ReadAction\",\"target\":[\"https:\\\/\\\/www.camping-maureillas.com\\\/es\\\/espana\\\/\"]}]},{\"@type\":\"BreadcrumbList\",\"@id\":\"https:\\\/\\\/www.camping-maureillas.com\\\/es\\\/espana\\\/#breadcrumb\",\"itemListElement\":[{\"@type\":\"ListItem\",\"position\":1,\"name\":\"Accueil\",\"item\":\"https:\\\/\\\/www.camping-maureillas.com\\\/es\\\/\"},{\"@type\":\"ListItem\",\"position\":2,\"name\":\"Espa\u00f1a\"}]},{\"@type\":\"WebSite\",\"@id\":\"https:\\\/\\\/www.camping-maureillas.com\\\/es\\\/#website\",\"url\":\"https:\\\/\\\/www.camping-maureillas.com\\\/es\\\/\",\"name\":\"Camping Maureillas\",\"description\":\"Location Chalets, Mobilhomes, Caravanes &amp; Camping-cars\",\"potentialAction\":[{\"@type\":\"SearchAction\",\"target\":{\"@type\":\"EntryPoint\",\"urlTemplate\":\"https:\\\/\\\/www.camping-maureillas.com\\\/es\\\/?s={search_term_string}\"},\"query-input\":{\"@type\":\"PropertyValueSpecification\",\"valueRequired\":true,\"valueName\":\"search_term_string\"}}],\"inLanguage\":\"es\"}]}<\/script>\n<!-- \/ Yoast SEO plugin. -->","yoast_head_json":{"title":"Su camping cerca de Espa\u00f1a - Mobil homes & Parcelas","description":"Camping cerca de Espa\u00f1a (8km) - Mobil homes 2\/3 habitaciones con aire acondicionado - Parcelas con\/sin electricidad.","robots":{"index":"index","follow":"follow","max-snippet":"max-snippet:-1","max-image-preview":"max-image-preview:large","max-video-preview":"max-video-preview:-1"},"canonical":"https:\/\/www.camping-maureillas.com\/es\/espana\/","og_locale":"es_ES","og_type":"article","og_title":"Su camping cerca de Espa\u00f1a - Mobil homes & Parcelas","og_description":"Camping cerca de Espa\u00f1a (8km) - Mobil homes 2\/3 habitaciones con aire acondicionado - Parcelas con\/sin electricidad.","og_url":"https:\/\/www.camping-maureillas.com\/es\/espana\/","og_site_name":"Camping Maureillas","article_modified_time":"2024-08-14T10:18:30+00:00","twitter_card":"summary_large_image","twitter_misc":{"Tiempo de lectura":"7 minutos"},"schema":{"@context":"https:\/\/schema.org","@graph":[{"@type":"WebPage","@id":"https:\/\/www.camping-maureillas.com\/es\/espana\/","url":"https:\/\/www.camping-maureillas.com\/es\/espana\/","name":"Su camping cerca de Espa\u00f1a - Mobil homes & Parcelas","isPartOf":{"@id":"https:\/\/www.camping-maureillas.com\/es\/#website"},"datePublished":"2021-04-28T12:24:54+00:00","dateModified":"2024-08-14T10:18:30+00:00","description":"Camping cerca de Espa\u00f1a (8km) - Mobil homes 2\/3 habitaciones con aire acondicionado - Parcelas con\/sin electricidad.","breadcrumb":{"@id":"https:\/\/www.camping-maureillas.com\/es\/espana\/#breadcrumb"},"inLanguage":"es","potentialAction":[{"@type":"ReadAction","target":["https:\/\/www.camping-maureillas.com\/es\/espana\/"]}]},{"@type":"BreadcrumbList","@id":"https:\/\/www.camping-maureillas.com\/es\/espana\/#breadcrumb","itemListElement":[{"@type":"ListItem","position":1,"name":"Accueil","item":"https:\/\/www.camping-maureillas.com\/es\/"},{"@type":"ListItem","position":2,"name":"Espa\u00f1a"}]},{"@type":"WebSite","@id":"https:\/\/www.camping-maureillas.com\/es\/#website","url":"https:\/\/www.camping-maureillas.com\/es\/","name":"Camping Maureillas","description":"Location Chalets, Mobilhomes, Caravanes &amp; Camping-cars","potentialAction":[{"@type":"SearchAction","target":{"@type":"EntryPoint","urlTemplate":"https:\/\/www.camping-maureillas.com\/es\/?s={search_term_string}"},"query-input":{"@type":"PropertyValueSpecification","valueRequired":true,"valueName":"search_term_string"}}],"inLanguage":"es"}]}},"_links":{"self":[{"href":"https:\/\/www.camping-maureillas.com\/es\/wp-json\/wp\/v2\/pages\/1413","targetHints":{"allow":["GET"]}}],"collection":[{"href":"https:\/\/www.camping-maureillas.com\/es\/wp-json\/wp\/v2\/pages"}],"about":[{"href":"https:\/\/www.camping-maureillas.com\/es\/wp-json\/wp\/v2\/types\/page"}],"author":[{"embeddable":true,"href":"https:\/\/www.camping-maureillas.com\/es\/wp-json\/wp\/v2\/users\/1"}],"replies":[{"embeddable":true,"href":"https:\/\/www.camping-maureillas.com\/es\/wp-json\/wp\/v2\/comments?post=1413"}],"version-history":[{"count":12,"href":"https:\/\/www.camping-maureillas.com\/es\/wp-json\/wp\/v2\/pages\/1413\/revisions"}],"predecessor-version":[{"id":2256,"href":"https:\/\/www.camping-maureillas.com\/es\/wp-json\/wp\/v2\/pages\/1413\/revisions\/2256"}],"wp:attachment":[{"href":"https:\/\/www.camping-maureillas.com\/es\/wp-json\/wp\/v2\/media?parent=1413"}],"curies":[{"name":"wp","href":"https:\/\/api.w.org\/{rel}","templated":true}]}}