{"id":1450,"date":"2017-03-21T14:52:58","date_gmt":"2017-03-21T14:52:58","guid":{"rendered":"https:\/\/www.camping-maureillas.com\/ocio-turismo\/"},"modified":"2024-08-14T10:19:44","modified_gmt":"2024-08-14T10:19:44","slug":"ocio-turismo","status":"publish","type":"page","link":"https:\/\/www.camping-maureillas.com\/es\/ocio-turismo\/","title":{"rendered":"Ocio &amp; turismo"},"content":{"rendered":"<div class=\"wpb-content-wrapper\"><p>[vc_row full_width=\u00bbstretch_row_content_no_spaces\u00bb][vc_column][layerslider_vc id=\u00bb35&#8243;][\/vc_column][\/vc_row][vc_row el_class=\u00bbombre\u00bb][vc_column][vc_column_text css=\u00bb.vc_custom_1722590789681{margin-top: 20px !important;}\u00bb]<\/p>\n<h1 style=\"text-align: center;\">Turismo y ocio en los Pirineos Orientales<\/h1>\n<p style=\"text-align: center;\"><span style=\"color: #000000;\">Situado en el magn\u00edfico departamento de Pirineos Orientales, el pueblo de Maureillas-las-Illas es una aut\u00e9ntica joya para los amantes del <strong>turismo<\/strong> y el <strong>ocio<\/strong>. Enclavado entre el mar y la monta\u00f1a, a pocos kil\u00f3metros de <strong>Espa\u00f1a<\/strong>, del mar Mediterr\u00e1neo y de las ciudades de C\u00e9ret, Am\u00e9lie les bains y Le Boulou, el encantador pueblo de Maureillas las Illas es el lugar ideal para reponer fuerzas y descubrir la riqueza <strong>cultural<\/strong> y <strong>natural<\/strong> de la regi\u00f3n. Le esperan numerosas actividades de ocio, senderismo y deporte.<br \/>\n\u00a1Descubra las actividades de ocio de Maureillas Las Illas en los Pirineos Orientales con el Camping Maureillas**!<\/span><\/p>\n<p>[\/vc_column_text][vc_row_inner css=\u00bb.vc_custom_1580390480868{margin-top: 20px !important;}\u00bb][vc_column_inner width=\u00bb1\/2&#8243;][vc_column_text]<\/p>\n<h2><span style=\"color: #003300;\">Actividades de ocio a 2 minutos de su alojamiento en el Camping Maureillas**<\/span><\/h2>\n<p><span style=\"color: #008000;\">Actividades de ocio cerca del Camping Maureillas** durante su estancia:<\/span><\/p>\n<ul>\n<li><span style=\"color: #000000;\">Un <strong>parque<\/strong> infantil compuesto por un campo de <strong>deportes<\/strong> evolutivos, una pista de <strong>tenis<\/strong>, una pista de baloncesto y <strong>rampas<\/strong> para monopatines situado a 600 m a pie del camping.<\/span><\/li>\n<li><span style=\"color: #000000;\"><strong>Centro ecuestre<\/strong> \u00ab<a href=\"https:\/\/www.facebook.com\/PoneyClubLaCabriole66\/?locale=fr_FR\">La Cabriole<\/a>\u00bb a 800 m del camping. Paseos en poni en verano.<\/span><\/li>\n<li><span style=\"color: #000000;\">Descenso de <strong><a href=\"https:\/\/canyoningcotesud.fr\/\">barrancos<\/a> en familia<\/strong>, barrancos sensacionales y barrancos deportivos. No se pierda esta sensacional actividad en familia o con amigos en un marco excepcional de los Pirineos Orientales.<\/span><\/li>\n<li><span style=\"color: #000000;\">Cuando haga calor, aproveche la proximidad del <a href=\"https:\/\/www.vallespir-tourisme.fr\/decouvrir\/nos-incontournables\/les-lacs-de-saint-jean-pla-de-corts\/\"><strong>l<\/strong><strong>ago de Saint Jean-Pla-de-Corts<\/strong><\/a> para refrescarse y divertirse a 9 km del camping. En el camping encontrar\u00e1 una zona de <strong>ba\u00f1o<\/strong>, <strong>hinchables<\/strong>, <strong>hidropedales<\/strong>, un snack bar, un bar de refrescos y numerosas mesas de picnic.<\/span><\/li>\n<\/ul>\n<p><span style=\"color: #000000;\">Para m\u00e1s informaci\u00f3n sobre actividades, alojamiento y pr\u00f3ximos eventos, no dude en ponerse en contacto con nosotros o visitar nuestra oficina de turismo. Estamos deseando compartir con usted la belleza y diversidad de nuestra regi\u00f3n.<\/span>[\/vc_column_text][\/vc_column_inner][vc_column_inner width=\u00bb1\/2&#8243;][vc_gallery interval=\u00bb3&#8243; images=\u00bb1922,1925,1928,1931&#8243; img_size=\u00bblarge\u00bb][\/vc_column_inner][\/vc_row_inner][vc_separator][vc_column_text]<\/p>\n<h2 style=\"text-align: center;\"><span style=\"color: #003300;\">Turismo por Maureillas Las Illas y los Pirineos Orientales<\/span><\/h2>\n<p style=\"text-align: center;\"><span style=\"color: #000000;\">Visite Maureillas-las-Illas y sus alrededores para una escapada llena de descubrimientos.<\/span><br \/>\n<span style=\"color: #000000;\">Aficionado al <strong>senderismo<\/strong>, amante de la <strong>cultura<\/strong> o simplemente <strong>epic\u00fareo<\/strong>, Maureillas-las-Illas y sus alrededores tienen algo para todos los gustos.<br \/>\nVenga a descubrir este encantador rinc\u00f3n de los Pirineos Orientales, donde cada visita es una aventura \u00fanica.<\/span><\/p>\n<p>[\/vc_column_text][vc_row_inner][vc_column_inner width=\u00bb1\/2&#8243;][vc_column_text]<\/p>\n<h3 style=\"color: #3aa500;\">El Perthus \/ Espa\u00f1a a 8 km<\/h3>\n<p><span style=\"color: #000000;\">Una visita obligada para turistas y locales, \u00a1haga un viaje a Espa\u00f1a y vaya de compras! Descubra la cultura local y la gastronom\u00eda espa\u00f1ola al alcance de la mano y a s\u00f3lo 10 kil\u00f3metros de su camping Maureillas**. La costa espa\u00f1ola ofrece paisajes inesperados, ideales para despejar la mente.<\/span><\/p>\n<p><span style=\"color: #000000;\">Cuando haya terminado sus compras, aproveche para visitar el Fuerte de Bellegarde.<\/span><br \/>\n<span style=\"color: #000000;\">Construido por Vauban en el siglo XVIII, este fuerte es una obra maestra de la arquitectura militar. Su objetivo era vigilar los dos puntos de entrada m\u00e1s f\u00e1ciles a Francia, los pasos de Perthus y Panissars. Desde su terraza, se disfruta de una vista \u00fanica sobre las llanuras del Rosell\u00f3n y del Ampurd\u00e1n. Situado entre Francia y Espa\u00f1a, el fuerte domina las dos regiones catalanas y sirve de enlace entre ellas.<\/span><\/p>\n<p><a href=\"https:\/\/www.camping-maureillas.com\/es\/espana\/\" target=\"_blank\" rel=\"noopener\">Descubra todos los sitios culturales y ciudades para visitar que le recomendamos en nuestra p\u00e1gina dedicada.<\/a>[\/vc_column_text][vc_empty_space][vc_single_image image=\u00bb1934&#8243; img_size=\u00bblarge\u00bb alignment=\u00bbcenter\u00bb][vc_column_text]<\/p>\n<h3 style=\"color: #3aa500;\">El Vallespir<\/h3>\n<p><span style=\"color: #000000;\">El Vallespir es el valle m\u00e1s meridional de Francia, de las monta\u00f1as a las fuentes del Tec, de Prats-de-Moll\u00f3-la-Preste hasta la llanura de Le Boulou.<\/span><br \/>\n<span style=\"color: #000000;\">Estos son los pueblos m\u00e1s relevantes de la zona: C\u00e9ret, con su pintoresco centro y su Museo de Arte Moderno; Prats-de-Moll\u00f3-la-Preste; Am\u00e9lie-les-Bains y Le Boulou, conocidos pueblos termales; Arles-de-Tec, con su claustro y la Santa Tumba, y Saint-Laurent-de-Cerdans, la capital de la espardenya catalana.<\/span>[\/vc_column_text][vc_single_image image=\u00bb1940&#8243; img_size=\u00bblarge\u00bb alignment=\u00bbcenter\u00bb][\/vc_column_inner][vc_column_inner width=\u00bb1\/2&#8243;][vc_single_image image=\u00bb1417&#8243; img_size=\u00bblarge\u00bb][vc_column_text]<\/p>\n<h3 style=\"color: #3aa500;\">Colliure y la costa Bermeja<\/h3>\n<p><span style=\"color: #000000;\">Este peque\u00f1o puerto catal\u00e1n, enclavado en una cala, disfruta de un clima mediterr\u00e1neo y mucho sol. Pueblo hist\u00f3rico y pintoresco, Collioure se puede visitar y descubrir a trav\u00e9s de sus callejuelas sombreadas, sus galer\u00edas de arte, sus barcos catalanes, la artesan\u00eda \u00abLes Anchois de Collioure\u00bb y sus vi\u00f1edos.<\/span><br \/>\n<span style=\"color: #000000;\">La belleza de Collioure fue una gran inspiraci\u00f3n para pintores como Matisse, Derain, Vlaminck, Braque y, por supuesto, Picasso&#8230;<br \/>\n<\/span><\/p>\n<p><span style=\"color: #000000;\">Durante su visita a Collioure, tambi\u00e9n podr\u00e1 descubrir los pueblos de Banyuls sur Mer, Port Vendres y Cerb\u00e8re&#8230;<\/span>[\/vc_column_text][vc_single_image image=\u00bb1937&#8243; img_size=\u00bblarge\u00bb alignment=\u00bbcenter\u00bb][vc_column_text]<\/p>\n<h3 style=\"color: #3aa500;\">El valle de las tortugas en Sor\u00e8de<\/h3>\n<p><span style=\"color: #000000;\">El Valle de las Tortugas es un parque de fauna salvaje dedicado a presentar las diferentes especies de tortugas comunes y raras. <\/span><\/p>\n<p><span style=\"color: #000000;\">Nada menos que 500 tortugas pertenecientes a 30 especies diferentes viven en el lugar, desde la gigantesca tortuga de las Seychelles hasta las m\u00e1s peque\u00f1as. Y entonces descubrir\u00e1s a Hope, la peque\u00f1a tortuga blanca nacida en el lugar a finales de 2015, una especie rara. Las tortugas acu\u00e1ticas tambi\u00e9n est\u00e1n presentes, y aprendemos mucho sobre sus biolog\u00edas, estilos de vida, biodiversidad, depredadores, etc. <\/span><\/p>\n<p><span style=\"color: #000000;\">Los paneles explicativos de cada recinto permiten profundizar en el tema, y otros, repartidos por el parque, dan explicaciones generales sobre las tortugas.<\/span>[\/vc_column_text][\/vc_column_inner][\/vc_row_inner][vc_separator][vc_column_text]<\/p>\n<h2 style=\"text-align: center;\"><span style=\"color: #003300;\">Su camping Maureillas** a 10 km de la frontera espa\u00f1ola<\/span><\/h2>\n<p style=\"text-align: center;\"><span style=\"color: #000000;\">Aproveche nuestra proximidad a la <strong>frontera espa\u00f1ola<\/strong> (s\u00f3lo 10 km) y a Le Perthus para hacer una parada en el <strong>Camping Maureillas**.<\/strong><\/span><br \/>\n<span style=\"color: #000000;\">Descubra nuestros alojamientos en confortables <a href=\"https:\/\/www.camping-maureillas.com\/es\/mobil-homes\/\" target=\"_blank\" rel=\"noopener\"><strong>mobil-homes climatizados de 2 o 3 habitaciones<\/strong><\/a>, y <strong><a href=\"https:\/\/www.camping-maureillas.com\/es\/parcelas\/\" target=\"_blank\" rel=\"noopener\">parcelas<\/a><\/strong> con o sin electricidad para caravanas, tiendas y autocaravanas.<\/span><br \/>\n<span style=\"color: #000000;\">La situaci\u00f3n privilegiada del camping le permitir\u00e1 disfrutar de un d\u00eda en la <strong>monta\u00f1a<\/strong> seguido de una velada junto al <strong>mar<\/strong>.<\/span><\/p>\n<p>[\/vc_column_text][vc_row_inner][vc_column_inner width=\u00bb1\/2&#8243;][vc_hoverbox image=\u00bb443&#8243; primary_title=\u00bbEn el camping\u00bb primary_title_font_container=\u00bbfont_size:40|color:%23ffffff\u00bb hover_title=\u00bbNuestros servicios in situ\u00bb use_custom_fonts_primary_title=\u00bbtrue\u00bb]<\/p>\n<p style=\"text-align: center;\"><em><span style=\"color: #000000;\"><strong>&#8211; Camping abierto todo el a\u00f1o &#8211;<\/strong><\/span><\/em><\/p>\n<ul>\n<li style=\"text-align: left;\"><span style=\"color: #000000;\">Instalaciones <strong>sanitarias <\/strong>recientes, con calefacci\u00f3n en temporada baja<\/span><\/li>\n<li style=\"text-align: left;\"><span style=\"color: #000000;\"><strong>Lavander\u00eda <\/strong>7\/7 lavadora y secadora<\/span><\/li>\n<li style=\"text-align: left;\"><span style=\"color: #000000;\">Acceso <strong>WIFI <\/strong>gratuito en la recepci\u00f3n<\/span><\/li>\n<li style=\"text-align: left;\"><span style=\"color: #000000;\"><strong>M\u00f3dulos para bicicletas<\/strong> con c\u00f3digo de seguridad<\/span><\/li>\n<li style=\"text-align: left;\"><span style=\"color: #000000;\">Puntos de <strong>agua y electricidad<\/strong><\/span><\/li>\n<\/ul>\n<p>[\/vc_hoverbox][\/vc_column_inner][vc_column_inner width=\u00bb1\/2&#8243;][vc_hoverbox image=\u00bb138&#8243; primary_title=\u00bbServicios cercanos\u00bb primary_title_font_container=\u00bbfont_size:40|color:%23ffffff\u00bb hover_title=\u00bbServicios a poca distancia a pie\u00bb use_custom_fonts_primary_title=\u00bbtrue\u00bb]<\/p>\n<ul>\n<li style=\"text-align: left;\"><span style=\"color: #000000;\"><strong>Restaurantes <\/strong>y cafeter\u00edas a 300 m<\/span><\/li>\n<li style=\"text-align: left;\"><span style=\"color: #000000;\"><strong>Panader\u00eda <\/strong><\/span><span style=\"color: #000000;\">a 400 m<\/span><\/li>\n<li style=\"text-align: left;\"><span style=\"color: #000000;\"><strong>Supermercado <\/strong>del pueblo a 600 m<\/span><\/li>\n<li style=\"text-align: left;\"><span style=\"color: #000000;\"><strong>Parque<\/strong>, <strong>pista deportiva<\/strong> y pista de <strong>tenis <\/strong>a 600 m<\/span><\/li>\n<li style=\"text-align: left;\"><span style=\"color: #000000;\"><strong>Centro ecuestre<\/strong> a 800 m<\/span><\/li>\n<li style=\"text-align: left;\"><span style=\"color: #000000;\">Nataci\u00f3n y <strong>actividades acu\u00e1ticas<\/strong> en el lago de Saint Jean Pla de Corts a 9 km<\/span><\/li>\n<li style=\"text-align: left;\"><span style=\"color: #000000;\"><strong>Bus <\/strong>a 1 \u20ac para visitar la regi\u00f3n<\/span><\/li>\n<\/ul>\n<p>[\/vc_hoverbox][\/vc_column_inner][vc_column_inner][vc_empty_space height=\u00bb25px\u00bb][vc_separator color=\u00bbgreen\u00bb][vc_column_text]<\/p>\n<h2 style=\"text-align: center;\"><a href=\"https:\/\/www.camping-maureillas.com\/contactez-nous\/\"><span style=\"color: #003300;\">Un equipo a su disposici\u00f3n<\/span><\/a><\/h2>\n<p style=\"text-align: center;\"><span style=\"color: #000000;\">Para m\u00e1s <strong>informaci\u00f3n <\/strong>o para hacer una <strong>reserva<\/strong>, p\u00f3ngase en contacto con nosotros<\/span><span style=\"color: #000000;\"> en<br \/>\nel<\/span> <a href=\"tel:+33448070636\"><strong>+33 4.48.07.06.36 <\/strong><\/a><span style=\"color: #000000;\">o por <strong>correo electr\u00f3nico<\/strong><\/span><strong><a href=\"mailto:info@camping-maureillas.com\"> info@camping-maureillas.com<\/a><\/strong><br \/>\n<span style=\"color: #000000;\">Mant\u00e9ngase al d\u00eda de las noticias del camping en<\/span> <span style=\"color: #0000ff;\"><a style=\"color: #0000ff;\" href=\"https:\/\/www.facebook.com\/maureillas.cmp\" target=\"_blank\" rel=\"noopener\">Facebook<\/a><\/span><strong><br \/>\n<\/strong><\/p>\n<p>[\/vc_column_text][\/vc_column_inner][\/vc_row_inner][\/vc_column][\/vc_row]<\/p>\n<\/div>","protected":false},"excerpt":{"rendered":"<p>[vc_row full_width=\u00bbstretch_row_content_no_spaces\u00bb][vc_column][layerslider_vc id=\u00bb35&#8243;][\/vc_column][\/vc_row][vc_row el_class=\u00bbombre\u00bb][vc_column][vc_column_text css=\u00bb.vc_custom_1722590789681{margin-top: 20px !important;}\u00bb] Turismo y ocio en los Pirineos Orientales Situado en el magn\u00edfico departamento de Pirineos Orientales, el pueblo de Maureillas-las-Illas es una aut\u00e9ntica joya para los amantes del turismo y el ocio. Enclavado entre el mar y la monta\u00f1a, a pocos kil\u00f3metros de Espa\u00f1a, del mar Mediterr\u00e1neo y de [&hellip;]<\/p>\n","protected":false},"author":1,"featured_media":0,"parent":0,"menu_order":0,"comment_status":"closed","ping_status":"closed","template":"","meta":{"site-sidebar-layout":"no-sidebar","site-content-layout":"plain-container","ast-site-content-layout":"normal-width-container","site-content-style":"unboxed","site-sidebar-style":"unboxed","ast-global-header-display":"","ast-banner-title-visibility":"","ast-main-header-display":"","ast-hfb-above-header-display":"","ast-hfb-below-header-display":"","ast-hfb-mobile-header-display":"","site-post-title":"disabled","ast-breadcrumbs-content":"","ast-featured-img":"disabled","footer-sml-layout":"","theme-transparent-header-meta":"default","adv-header-id-meta":"","stick-header-meta":"default","header-above-stick-meta":"","header-main-stick-meta":"","header-below-stick-meta":"","astra-migrate-meta-layouts":"default","ast-page-background-enabled":"default","ast-page-background-meta":{"desktop":{"background-color":"var(--ast-global-color-4)","background-image":"","background-repeat":"repeat","background-position":"center center","background-size":"auto","background-attachment":"scroll","background-type":"","background-media":"","overlay-type":"","overlay-color":"","overlay-opacity":"","overlay-gradient":""},"tablet":{"background-color":"","background-image":"","background-repeat":"repeat","background-position":"center center","background-size":"auto","background-attachment":"scroll","background-type":"","background-media":"","overlay-type":"","overlay-color":"","overlay-opacity":"","overlay-gradient":""},"mobile":{"background-color":"","background-image":"","background-repeat":"repeat","background-position":"center center","background-size":"auto","background-attachment":"scroll","background-type":"","background-media":"","overlay-type":"","overlay-color":"","overlay-opacity":"","overlay-gradient":""}},"ast-content-background-meta":{"desktop":{"background-color":"var(--ast-global-color-5)","background-image":"","background-repeat":"repeat","background-position":"center center","background-size":"auto","background-attachment":"scroll","background-type":"","background-media":"","overlay-type":"","overlay-color":"","overlay-opacity":"","overlay-gradient":""},"tablet":{"background-color":"var(--ast-global-color-5)","background-image":"","background-repeat":"repeat","background-position":"center center","background-size":"auto","background-attachment":"scroll","background-type":"","background-media":"","overlay-type":"","overlay-color":"","overlay-opacity":"","overlay-gradient":""},"mobile":{"background-color":"var(--ast-global-color-5)","background-image":"","background-repeat":"repeat","background-position":"center center","background-size":"auto","background-attachment":"scroll","background-type":"","background-media":"","overlay-type":"","overlay-color":"","overlay-opacity":"","overlay-gradient":""}},"footnotes":""},"class_list":["post-1450","page","type-page","status-publish","hentry"],"yoast_head":"<!-- This site is optimized with the Yoast SEO plugin v27.5 - https:\/\/yoast.com\/product\/yoast-seo-wordpress\/ -->\n<title>Ocio &amp; turismo - Camping Maureillas<\/title>\n<meta name=\"robots\" content=\"index, follow, max-snippet:-1, max-image-preview:large, max-video-preview:-1\" \/>\n<link rel=\"canonical\" href=\"https:\/\/www.camping-maureillas.com\/es\/ocio-turismo\/\" \/>\n<meta property=\"og:locale\" content=\"es_ES\" \/>\n<meta property=\"og:type\" content=\"article\" \/>\n<meta property=\"og:title\" content=\"Ocio &amp; turismo - Camping Maureillas\" \/>\n<meta property=\"og:description\" content=\"[vc_row full_width=\u00bbstretch_row_content_no_spaces\u00bb][vc_column][layerslider_vc id=\u00bb35&#8243;][\/vc_column][\/vc_row][vc_row el_class=\u00bbombre\u00bb][vc_column][vc_column_text css=\u00bb.vc_custom_1722590789681{margin-top: 20px !important;}\u00bb] Turismo y ocio en los Pirineos Orientales Situado en el magn\u00edfico departamento de Pirineos Orientales, el pueblo de Maureillas-las-Illas es una aut\u00e9ntica joya para los amantes del turismo y el ocio. Enclavado entre el mar y la monta\u00f1a, a pocos kil\u00f3metros de Espa\u00f1a, del mar Mediterr\u00e1neo y de [&hellip;]\" \/>\n<meta property=\"og:url\" content=\"https:\/\/www.camping-maureillas.com\/es\/ocio-turismo\/\" \/>\n<meta property=\"og:site_name\" content=\"Camping Maureillas\" \/>\n<meta property=\"article:modified_time\" content=\"2024-08-14T10:19:44+00:00\" \/>\n<meta name=\"twitter:card\" content=\"summary_large_image\" \/>\n<meta name=\"twitter:label1\" content=\"Tiempo de lectura\" \/>\n\t<meta name=\"twitter:data1\" content=\"8 minutos\" \/>\n<script type=\"application\/ld+json\" class=\"yoast-schema-graph\">{\"@context\":\"https:\\\/\\\/schema.org\",\"@graph\":[{\"@type\":\"WebPage\",\"@id\":\"https:\\\/\\\/www.camping-maureillas.com\\\/es\\\/ocio-turismo\\\/\",\"url\":\"https:\\\/\\\/www.camping-maureillas.com\\\/es\\\/ocio-turismo\\\/\",\"name\":\"Ocio &amp; turismo - Camping Maureillas\",\"isPartOf\":{\"@id\":\"https:\\\/\\\/www.camping-maureillas.com\\\/es\\\/#website\"},\"datePublished\":\"2017-03-21T14:52:58+00:00\",\"dateModified\":\"2024-08-14T10:19:44+00:00\",\"breadcrumb\":{\"@id\":\"https:\\\/\\\/www.camping-maureillas.com\\\/es\\\/ocio-turismo\\\/#breadcrumb\"},\"inLanguage\":\"es\",\"potentialAction\":[{\"@type\":\"ReadAction\",\"target\":[\"https:\\\/\\\/www.camping-maureillas.com\\\/es\\\/ocio-turismo\\\/\"]}]},{\"@type\":\"BreadcrumbList\",\"@id\":\"https:\\\/\\\/www.camping-maureillas.com\\\/es\\\/ocio-turismo\\\/#breadcrumb\",\"itemListElement\":[{\"@type\":\"ListItem\",\"position\":1,\"name\":\"Accueil\",\"item\":\"https:\\\/\\\/www.camping-maureillas.com\\\/es\\\/\"},{\"@type\":\"ListItem\",\"position\":2,\"name\":\"Ocio &amp; turismo\"}]},{\"@type\":\"WebSite\",\"@id\":\"https:\\\/\\\/www.camping-maureillas.com\\\/es\\\/#website\",\"url\":\"https:\\\/\\\/www.camping-maureillas.com\\\/es\\\/\",\"name\":\"Camping Maureillas\",\"description\":\"Location Chalets, Mobilhomes, Caravanes &amp; Camping-cars\",\"potentialAction\":[{\"@type\":\"SearchAction\",\"target\":{\"@type\":\"EntryPoint\",\"urlTemplate\":\"https:\\\/\\\/www.camping-maureillas.com\\\/es\\\/?s={search_term_string}\"},\"query-input\":{\"@type\":\"PropertyValueSpecification\",\"valueRequired\":true,\"valueName\":\"search_term_string\"}}],\"inLanguage\":\"es\"}]}<\/script>\n<!-- \/ Yoast SEO plugin. -->","yoast_head_json":{"title":"Ocio &amp; turismo - Camping Maureillas","robots":{"index":"index","follow":"follow","max-snippet":"max-snippet:-1","max-image-preview":"max-image-preview:large","max-video-preview":"max-video-preview:-1"},"canonical":"https:\/\/www.camping-maureillas.com\/es\/ocio-turismo\/","og_locale":"es_ES","og_type":"article","og_title":"Ocio &amp; turismo - Camping Maureillas","og_description":"[vc_row full_width=\u00bbstretch_row_content_no_spaces\u00bb][vc_column][layerslider_vc id=\u00bb35&#8243;][\/vc_column][\/vc_row][vc_row el_class=\u00bbombre\u00bb][vc_column][vc_column_text css=\u00bb.vc_custom_1722590789681{margin-top: 20px !important;}\u00bb] Turismo y ocio en los Pirineos Orientales Situado en el magn\u00edfico departamento de Pirineos Orientales, el pueblo de Maureillas-las-Illas es una aut\u00e9ntica joya para los amantes del turismo y el ocio. Enclavado entre el mar y la monta\u00f1a, a pocos kil\u00f3metros de Espa\u00f1a, del mar Mediterr\u00e1neo y de [&hellip;]","og_url":"https:\/\/www.camping-maureillas.com\/es\/ocio-turismo\/","og_site_name":"Camping Maureillas","article_modified_time":"2024-08-14T10:19:44+00:00","twitter_card":"summary_large_image","twitter_misc":{"Tiempo de lectura":"8 minutos"},"schema":{"@context":"https:\/\/schema.org","@graph":[{"@type":"WebPage","@id":"https:\/\/www.camping-maureillas.com\/es\/ocio-turismo\/","url":"https:\/\/www.camping-maureillas.com\/es\/ocio-turismo\/","name":"Ocio &amp; turismo - Camping Maureillas","isPartOf":{"@id":"https:\/\/www.camping-maureillas.com\/es\/#website"},"datePublished":"2017-03-21T14:52:58+00:00","dateModified":"2024-08-14T10:19:44+00:00","breadcrumb":{"@id":"https:\/\/www.camping-maureillas.com\/es\/ocio-turismo\/#breadcrumb"},"inLanguage":"es","potentialAction":[{"@type":"ReadAction","target":["https:\/\/www.camping-maureillas.com\/es\/ocio-turismo\/"]}]},{"@type":"BreadcrumbList","@id":"https:\/\/www.camping-maureillas.com\/es\/ocio-turismo\/#breadcrumb","itemListElement":[{"@type":"ListItem","position":1,"name":"Accueil","item":"https:\/\/www.camping-maureillas.com\/es\/"},{"@type":"ListItem","position":2,"name":"Ocio &amp; turismo"}]},{"@type":"WebSite","@id":"https:\/\/www.camping-maureillas.com\/es\/#website","url":"https:\/\/www.camping-maureillas.com\/es\/","name":"Camping Maureillas","description":"Location Chalets, Mobilhomes, Caravanes &amp; Camping-cars","potentialAction":[{"@type":"SearchAction","target":{"@type":"EntryPoint","urlTemplate":"https:\/\/www.camping-maureillas.com\/es\/?s={search_term_string}"},"query-input":{"@type":"PropertyValueSpecification","valueRequired":true,"valueName":"search_term_string"}}],"inLanguage":"es"}]}},"_links":{"self":[{"href":"https:\/\/www.camping-maureillas.com\/es\/wp-json\/wp\/v2\/pages\/1450","targetHints":{"allow":["GET"]}}],"collection":[{"href":"https:\/\/www.camping-maureillas.com\/es\/wp-json\/wp\/v2\/pages"}],"about":[{"href":"https:\/\/www.camping-maureillas.com\/es\/wp-json\/wp\/v2\/types\/page"}],"author":[{"embeddable":true,"href":"https:\/\/www.camping-maureillas.com\/es\/wp-json\/wp\/v2\/users\/1"}],"replies":[{"embeddable":true,"href":"https:\/\/www.camping-maureillas.com\/es\/wp-json\/wp\/v2\/comments?post=1450"}],"version-history":[{"count":11,"href":"https:\/\/www.camping-maureillas.com\/es\/wp-json\/wp\/v2\/pages\/1450\/revisions"}],"predecessor-version":[{"id":2257,"href":"https:\/\/www.camping-maureillas.com\/es\/wp-json\/wp\/v2\/pages\/1450\/revisions\/2257"}],"wp:attachment":[{"href":"https:\/\/www.camping-maureillas.com\/es\/wp-json\/wp\/v2\/media?parent=1450"}],"curies":[{"name":"wp","href":"https:\/\/api.w.org\/{rel}","templated":true}]}}